{"id":27,"date":"2024-02-16T20:36:57","date_gmt":"2024-02-16T19:36:57","guid":{"rendered":"https:\/\/www.trekkingtomachupicchu.com\/es\/?page_id=27"},"modified":"2024-09-08T15:58:14","modified_gmt":"2024-09-08T13:58:14","slug":"inicio","status":"publish","type":"page","link":"https:\/\/www.trekkingtomachupicchu.com\/es\/","title":{"rendered":"Inicio"},"content":{"rendered":"<div class=\"wpb-content-wrapper\"><p>[vc_row][vc_column][vc_column_text]<\/p>\n<h1 style=\"text-align: center;\">Tours en Machu Picchu y Cusco<\/h1>\n<p>[\/vc_column_text][\/vc_column][\/vc_row][vc_row][vc_column width=\u00bb1\/2&#8243;][vc_single_image image=\u00bb117&#8243; img_size=\u00bbfull\u00bb onclick=\u00bbcustom_link\u00bb link=\u00bbhttps:\/\/www.trekkingtomachupicchu.com\/es\/tour-category\/cusco\/\u00bb][vc_single_image image=\u00bb118&#8243; img_size=\u00bbFull\u00bb onclick=\u00bbcustom_link\u00bb link=\u00bbhttps:\/\/www.trekkingtomachupicchu.com\/es\/tour-category\/tours-privados-en-cusco\/\u00bb][\/vc_column][vc_column width=\u00bb1\/2&#8243;][vc_single_image image=\u00bb119&#8243; img_size=\u00bbfull\u00bb onclick=\u00bbcustom_link\u00bb link=\u00bbhttps:\/\/www.trekkingtomachupicchu.com\/es\/tour-category\/machu-picchu\/\u00bb][\/vc_column][\/vc_row][vc_row full_width=\u00bbstretch_row_content\u00bb css=\u00bb.vc_custom_1725495727864{background-color: #053220 !important;}\u00bb][vc_column][vc_column_text]<\/p>\n<h2 style=\"text-align: center; font-size: 30pt; color: #ffffff;\">Tours a Machu Picchu<\/h2>\n<p style=\"text-align: center; color: #ffffff;\">Los mejores tours a Machu Picchu!<\/p>\n<p>[\/vc_column_text][\/vc_column][\/vc_row][vc_row][vc_column]\n<div class=\"atgrid atgrid--small\">\n\t<div class=\"row atgrid__row\">\n\t\t\t\t\t<div class=\"col-md-3 col-xs-6 atgrid__item-wrap\">\n\t\t\t<div class=\"atgrid__item\">\n\t\t\t\t<div class=\"atgrid__item__top\">\n\t\t\t\t\t<a href=\"https:\/\/www.trekkingtomachupicchu.com\/es\/tours\/tour-machu-picchu-por-carro-2-dias-1-noche-economico\/\" class=\"atgrid__item__top__image\"><img loading=\"lazy\" decoding=\"async\" width=\"360\" height=\"240\" src=\"https:\/\/www.trekkingtomachupicchu.com\/es\/wp-content\/uploads\/2024\/02\/machu-picchu-por-carro-360x240.jpg\" class=\"attachment-thumb_tour_listing_small size-thumb_tour_listing_small wp-post-image\" alt=\"machu picchu por carro\" srcset=\"https:\/\/www.trekkingtomachupicchu.com\/es\/wp-content\/uploads\/2024\/02\/machu-picchu-por-carro-360x240.jpg 360w, https:\/\/www.trekkingtomachupicchu.com\/es\/wp-content\/uploads\/2024\/02\/machu-picchu-por-carro-531x354.jpg 531w, https:\/\/www.trekkingtomachupicchu.com\/es\/wp-content\/uploads\/2024\/02\/machu-picchu-por-carro-180x120.jpg 180w, https:\/\/www.trekkingtomachupicchu.com\/es\/wp-content\/uploads\/2024\/02\/machu-picchu-por-carro-270x180.jpg 270w\" sizes=\"auto, (max-width: 360px) 100vw, 360px\" \/><\/a>\t\t\t\t\t<div class=\"atgrid__item__angle-wrap\"><div class=\"atgrid__item__angle\" style=\"background-color:#053220\">+ Vendido<\/div><\/div><div class=\"atgrid__item__price\"><a href=\"https:\/\/www.trekkingtomachupicchu.com\/es\/tours\/tour-machu-picchu-por-carro-2-dias-1-noche-economico\/\" class=\"atgrid__item__price__button\"><del aria-hidden=\"true\"><span class=\"woocommerce-Price-amount amount\"><bdi><span class=\"woocommerce-Price-currencySymbol\">&#36;<\/span>180.00<\/bdi><\/span><\/del> <span class=\"screen-reader-text\">El precio original era: &#036;180.00.<\/span><ins aria-hidden=\"true\"><span class=\"woocommerce-Price-amount amount\"><bdi><span class=\"woocommerce-Price-currencySymbol\">&#36;<\/span>160.00<\/bdi><\/span><\/ins><span class=\"screen-reader-text\">El precio actual es: &#036;160.00.<\/span><\/a><\/div>\t\t\t\t\t\t\t\t\t\t\t\t\t\t<\/div>\n\t\t\t\t<div class=\"atgrid__item__content\">\n\t\t\t\t\t<h3 class=\"atgrid__item__title\"><a href=\"https:\/\/www.trekkingtomachupicchu.com\/es\/tours\/tour-machu-picchu-por-carro-2-dias-1-noche-economico\/\">Tour Machu Picchu por Carro 2 d\u00edas 1 Noche (Econ\u00f3mico)<\/a><\/h3>\n\t\t\t\t\t\t\t\t\t<div class=\"atgrid__item__description\">Tour Machu Picchu por Carro 2 d\u00edas 1 Noche (Econ\u00f3mico). Una de las rutas m\u00e1s interesantes y econ\u00f3micas es la<\/div>\n\t\t\t\t\t\t\t\t<\/div>\n\t\t\t\t<div class=\"item-attributes\">\n\t\t\t\t\t\t\t\t\t\t<div class=\"item-attributes__item\"><a href=\"https:\/\/www.trekkingtomachupicchu.com\/es\/tours\/tour-machu-picchu-por-carro-2-dias-1-noche-economico\/\" class=\"item-attributes__link\"><i class=\"fa fa-long-arrow-right\"><\/i><\/a><\/div>\n\t\t\t\t<\/div>\n\t\t\t<\/div>\n\t\t<\/div>\n\t\t\t\t\t<div class=\"col-md-3 col-xs-6 atgrid__item-wrap\">\n\t\t\t<div class=\"atgrid__item\">\n\t\t\t\t<div class=\"atgrid__item__top\">\n\t\t\t\t\t<a href=\"https:\/\/www.trekkingtomachupicchu.com\/es\/tours\/tour-valle-sagrado-y-machu-picchu-en-2-dias\/\" class=\"atgrid__item__top__image\"><img loading=\"lazy\" decoding=\"async\" width=\"360\" height=\"240\" src=\"https:\/\/www.trekkingtomachupicchu.com\/es\/wp-content\/uploads\/2024\/02\/valle-sagrado-maras-360x240.jpg\" class=\"attachment-thumb_tour_listing_small size-thumb_tour_listing_small wp-post-image\" alt=\"valle sagrado maras\" srcset=\"https:\/\/www.trekkingtomachupicchu.com\/es\/wp-content\/uploads\/2024\/02\/valle-sagrado-maras-360x240.jpg 360w, https:\/\/www.trekkingtomachupicchu.com\/es\/wp-content\/uploads\/2024\/02\/valle-sagrado-maras-531x354.jpg 531w, https:\/\/www.trekkingtomachupicchu.com\/es\/wp-content\/uploads\/2024\/02\/valle-sagrado-maras-180x120.jpg 180w, https:\/\/www.trekkingtomachupicchu.com\/es\/wp-content\/uploads\/2024\/02\/valle-sagrado-maras-270x180.jpg 270w\" sizes=\"auto, (max-width: 360px) 100vw, 360px\" \/><\/a>\t\t\t\t\t<div class=\"atgrid__item__angle-wrap\"><div class=\"atgrid__item__angle\" style=\"background-color:#053220\">+ Vendido<\/div><\/div><div class=\"atgrid__item__price\"><a href=\"https:\/\/www.trekkingtomachupicchu.com\/es\/tours\/tour-valle-sagrado-y-machu-picchu-en-2-dias\/\" class=\"atgrid__item__price__button\"><del aria-hidden=\"true\"><span class=\"woocommerce-Price-amount amount\"><bdi><span class=\"woocommerce-Price-currencySymbol\">&#36;<\/span>440.00<\/bdi><\/span><\/del> <span class=\"screen-reader-text\">El precio original era: &#036;440.00.<\/span><ins aria-hidden=\"true\"><span class=\"woocommerce-Price-amount amount\"><bdi><span class=\"woocommerce-Price-currencySymbol\">&#36;<\/span>420.00<\/bdi><\/span><\/ins><span class=\"screen-reader-text\">El precio actual es: &#036;420.00.<\/span><\/a><\/div>\t\t\t\t\t\t\t\t\t\t\t\t\t\t<\/div>\n\t\t\t\t<div class=\"atgrid__item__content\">\n\t\t\t\t\t<h3 class=\"atgrid__item__title\"><a href=\"https:\/\/www.trekkingtomachupicchu.com\/es\/tours\/tour-valle-sagrado-y-machu-picchu-en-2-dias\/\">Tour Valle Sagrado y Machu Picchu en 2 Dias<\/a><\/h3>\n\t\t\t\t\t\t\t\t\t<div class=\"atgrid__item__description\">Tour Valle Sagrado y Machu Picchu en 2 D\u00edas. Excelente tour para visitar el Valle Sagrado de los incas donde<\/div>\n\t\t\t\t\t\t\t\t<\/div>\n\t\t\t\t<div class=\"item-attributes\">\n\t\t\t\t\t\t\t\t\t\t<div class=\"item-attributes__item\"><a href=\"https:\/\/www.trekkingtomachupicchu.com\/es\/tours\/tour-valle-sagrado-y-machu-picchu-en-2-dias\/\" class=\"item-attributes__link\"><i class=\"fa fa-long-arrow-right\"><\/i><\/a><\/div>\n\t\t\t\t<\/div>\n\t\t\t<\/div>\n\t\t<\/div>\n\t\t\t<div class=\"atgrid__row-separator clearfix visible-sm visible-xs\"><\/div>\t\t<div class=\"col-md-3 col-xs-6 atgrid__item-wrap\">\n\t\t\t<div class=\"atgrid__item\">\n\t\t\t\t<div class=\"atgrid__item__top\">\n\t\t\t\t\t<a href=\"https:\/\/www.trekkingtomachupicchu.com\/es\/tours\/tour-machu-picchu-en-2-dias-con-tren-vistadome\/\" class=\"atgrid__item__top__image\"><img loading=\"lazy\" decoding=\"async\" width=\"360\" height=\"240\" src=\"https:\/\/www.trekkingtomachupicchu.com\/es\/wp-content\/uploads\/2024\/02\/machu-picchu-2-dias-360x240.jpg\" class=\"attachment-thumb_tour_listing_small size-thumb_tour_listing_small wp-post-image\" alt=\"machu picchu 2 dias\" srcset=\"https:\/\/www.trekkingtomachupicchu.com\/es\/wp-content\/uploads\/2024\/02\/machu-picchu-2-dias-360x240.jpg 360w, https:\/\/www.trekkingtomachupicchu.com\/es\/wp-content\/uploads\/2024\/02\/machu-picchu-2-dias-531x354.jpg 531w, https:\/\/www.trekkingtomachupicchu.com\/es\/wp-content\/uploads\/2024\/02\/machu-picchu-2-dias-180x120.jpg 180w, https:\/\/www.trekkingtomachupicchu.com\/es\/wp-content\/uploads\/2024\/02\/machu-picchu-2-dias-270x180.jpg 270w\" sizes=\"auto, (max-width: 360px) 100vw, 360px\" \/><\/a>\t\t\t\t\t<div class=\"atgrid__item__angle-wrap\"><div class=\"atgrid__item__angle\" style=\"background-color:#053220\">+ Vendido<\/div><\/div><div class=\"atgrid__item__price\"><a href=\"https:\/\/www.trekkingtomachupicchu.com\/es\/tours\/tour-machu-picchu-en-2-dias-con-tren-vistadome\/\" class=\"atgrid__item__price__button\"><del aria-hidden=\"true\"><span class=\"woocommerce-Price-amount amount\"><bdi><span class=\"woocommerce-Price-currencySymbol\">&#36;<\/span>500.00<\/bdi><\/span><\/del> <span class=\"screen-reader-text\">El precio original era: &#036;500.00.<\/span><ins aria-hidden=\"true\"><span class=\"woocommerce-Price-amount amount\"><bdi><span class=\"woocommerce-Price-currencySymbol\">&#36;<\/span>460.00<\/bdi><\/span><\/ins><span class=\"screen-reader-text\">El precio actual es: &#036;460.00.<\/span><\/a><\/div>\t\t\t\t\t\t\t\t\t\t\t\t\t\t<\/div>\n\t\t\t\t<div class=\"atgrid__item__content\">\n\t\t\t\t\t<h3 class=\"atgrid__item__title\"><a href=\"https:\/\/www.trekkingtomachupicchu.com\/es\/tours\/tour-machu-picchu-en-2-dias-con-tren-vistadome\/\">Tour Machu Picchu en 2 Dias con Tren Vistadome<\/a><\/h3>\n\t\t\t\t\t\t\t\t\t<div class=\"atgrid__item__description\">Tour Machu Picchu en 2 D\u00edas con Tren Vistadome. Tour de 2 d\u00edas ideal donde podr\u00e1s tener un viaje muy<\/div>\n\t\t\t\t\t\t\t\t<\/div>\n\t\t\t\t<div class=\"item-attributes\">\n\t\t\t\t\t\t\t\t\t\t<div class=\"item-attributes__item\"><a href=\"https:\/\/www.trekkingtomachupicchu.com\/es\/tours\/tour-machu-picchu-en-2-dias-con-tren-vistadome\/\" class=\"item-attributes__link\"><i class=\"fa fa-long-arrow-right\"><\/i><\/a><\/div>\n\t\t\t\t<\/div>\n\t\t\t<\/div>\n\t\t<\/div>\n\t\t\t\t\t<div class=\"col-md-3 col-xs-6 atgrid__item-wrap\">\n\t\t\t<div class=\"atgrid__item\">\n\t\t\t\t<div class=\"atgrid__item__top\">\n\t\t\t\t\t<a href=\"https:\/\/www.trekkingtomachupicchu.com\/es\/tours\/tour-machu-picchu-en-1-dia-con-tren-vistadome-observatory\/\" class=\"atgrid__item__top__image\"><img loading=\"lazy\" decoding=\"async\" width=\"360\" height=\"240\" src=\"https:\/\/www.trekkingtomachupicchu.com\/es\/wp-content\/uploads\/2024\/02\/vistadome-observatory-360x240.jpg\" class=\"attachment-thumb_tour_listing_small size-thumb_tour_listing_small wp-post-image\" alt=\"vistadome observatory\" srcset=\"https:\/\/www.trekkingtomachupicchu.com\/es\/wp-content\/uploads\/2024\/02\/vistadome-observatory-360x240.jpg 360w, https:\/\/www.trekkingtomachupicchu.com\/es\/wp-content\/uploads\/2024\/02\/vistadome-observatory-531x354.jpg 531w, https:\/\/www.trekkingtomachupicchu.com\/es\/wp-content\/uploads\/2024\/02\/vistadome-observatory-180x120.jpg 180w, https:\/\/www.trekkingtomachupicchu.com\/es\/wp-content\/uploads\/2024\/02\/vistadome-observatory-270x180.jpg 270w\" sizes=\"auto, (max-width: 360px) 100vw, 360px\" \/><\/a>\t\t\t\t\t<div class=\"atgrid__item__angle-wrap\"><div class=\"atgrid__item__angle\" style=\"background-color:#053220\">+ Vendido<\/div><\/div><div class=\"atgrid__item__price\"><a href=\"https:\/\/www.trekkingtomachupicchu.com\/es\/tours\/tour-machu-picchu-en-1-dia-con-tren-vistadome-observatory\/\" class=\"atgrid__item__price__button\"><del aria-hidden=\"true\"><span class=\"woocommerce-Price-amount amount\"><bdi><span class=\"woocommerce-Price-currencySymbol\">&#36;<\/span>420.00<\/bdi><\/span><\/del> <span class=\"screen-reader-text\">El precio original era: &#036;420.00.<\/span><ins aria-hidden=\"true\"><span class=\"woocommerce-Price-amount amount\"><bdi><span class=\"woocommerce-Price-currencySymbol\">&#36;<\/span>405.00<\/bdi><\/span><\/ins><span class=\"screen-reader-text\">El precio actual es: &#036;405.00.<\/span><\/a><\/div>\t\t\t\t\t\t\t\t\t\t\t\t\t\t<\/div>\n\t\t\t\t<div class=\"atgrid__item__content\">\n\t\t\t\t\t<h3 class=\"atgrid__item__title\"><a href=\"https:\/\/www.trekkingtomachupicchu.com\/es\/tours\/tour-machu-picchu-en-1-dia-con-tren-vistadome-observatory\/\">Tour Machu Picchu en  1 D\u00eda con tren Vistadome Observatory<\/a><\/h3>\n\t\t\t\t\t\t\t\t\t<div class=\"atgrid__item__description\">Tour Machu Picchu en 1 D\u00eda con tren Vistadome Observatory. Vive una experiencia \u00fanica e inolvidable con el tren tur\u00edstico<\/div>\n\t\t\t\t\t\t\t\t<\/div>\n\t\t\t\t<div class=\"item-attributes\">\n\t\t\t\t\t\t\t\t\t\t<div class=\"item-attributes__item\"><a href=\"https:\/\/www.trekkingtomachupicchu.com\/es\/tours\/tour-machu-picchu-en-1-dia-con-tren-vistadome-observatory\/\" class=\"item-attributes__link\"><i class=\"fa fa-long-arrow-right\"><\/i><\/a><\/div>\n\t\t\t\t<\/div>\n\t\t\t<\/div>\n\t\t<\/div>\n\t\t\t<div class=\"atgrid__row-separator clearfix hidden-sm hidden-xs\"><\/div><div class=\"atgrid__row-separator clearfix visible-sm visible-xs\"><\/div>\t\t<div class=\"col-md-3 col-xs-6 atgrid__item-wrap\">\n\t\t\t<div class=\"atgrid__item\">\n\t\t\t\t<div class=\"atgrid__item__top\">\n\t\t\t\t\t<a href=\"https:\/\/www.trekkingtomachupicchu.com\/es\/tours\/tour-a-machu-picchu-en-1-dia\/\" class=\"atgrid__item__top__image\"><img loading=\"lazy\" decoding=\"async\" width=\"360\" height=\"240\" src=\"https:\/\/www.trekkingtomachupicchu.com\/es\/wp-content\/uploads\/2024\/02\/machu-picchu-tour-360x240.jpg\" class=\"attachment-thumb_tour_listing_small size-thumb_tour_listing_small wp-post-image\" alt=\"machu picchu tour\" srcset=\"https:\/\/www.trekkingtomachupicchu.com\/es\/wp-content\/uploads\/2024\/02\/machu-picchu-tour-360x240.jpg 360w, https:\/\/www.trekkingtomachupicchu.com\/es\/wp-content\/uploads\/2024\/02\/machu-picchu-tour-531x354.jpg 531w, https:\/\/www.trekkingtomachupicchu.com\/es\/wp-content\/uploads\/2024\/02\/machu-picchu-tour-180x120.jpg 180w, https:\/\/www.trekkingtomachupicchu.com\/es\/wp-content\/uploads\/2024\/02\/machu-picchu-tour-270x180.jpg 270w\" sizes=\"auto, (max-width: 360px) 100vw, 360px\" \/><\/a>\t\t\t\t\t<div class=\"atgrid__item__angle-wrap\"><div class=\"atgrid__item__angle\" style=\"background-color:#fe3b1d\">Top<\/div><\/div><div class=\"atgrid__item__price\"><a href=\"https:\/\/www.trekkingtomachupicchu.com\/es\/tours\/tour-a-machu-picchu-en-1-dia\/\" class=\"atgrid__item__price__button\"><del aria-hidden=\"true\"><span class=\"woocommerce-Price-amount amount\"><bdi><span class=\"woocommerce-Price-currencySymbol\">&#36;<\/span>300.00<\/bdi><\/span><\/del> <span class=\"screen-reader-text\">El precio original era: &#036;300.00.<\/span><ins aria-hidden=\"true\"><span class=\"woocommerce-Price-amount amount\"><bdi><span class=\"woocommerce-Price-currencySymbol\">&#36;<\/span>280.00<\/bdi><\/span><\/ins><span class=\"screen-reader-text\">El precio actual es: &#036;280.00.<\/span><\/a><\/div>\t\t\t\t\t\t\t\t\t\t\t\t\t\t<\/div>\n\t\t\t\t<div class=\"atgrid__item__content\">\n\t\t\t\t\t<h3 class=\"atgrid__item__title\"><a href=\"https:\/\/www.trekkingtomachupicchu.com\/es\/tours\/tour-a-machu-picchu-en-1-dia\/\">Tour a Machu Picchu en 1 D\u00eda<\/a><\/h3>\n\t\t\t\t\t\t\t\t\t<div class=\"atgrid__item__description\">Tour a Machu Picchu en 1 D\u00eda desde Cusco todo incluido. Visita la ciudad inca de Machu Picchu en 1<\/div>\n\t\t\t\t\t\t\t\t<\/div>\n\t\t\t\t<div class=\"item-attributes\">\n\t\t\t\t\t\t\t\t\t\t<div class=\"item-attributes__item\"><a href=\"https:\/\/www.trekkingtomachupicchu.com\/es\/tours\/tour-a-machu-picchu-en-1-dia\/\" class=\"item-attributes__link\"><i class=\"fa fa-long-arrow-right\"><\/i><\/a><\/div>\n\t\t\t\t<\/div>\n\t\t\t<\/div>\n\t\t<\/div>\n\t\t\t\t\t<div class=\"col-md-3 col-xs-6 atgrid__item-wrap\">\n\t\t\t<div class=\"atgrid__item\">\n\t\t\t\t<div class=\"atgrid__item__top\">\n\t\t\t\t\t<a href=\"https:\/\/www.trekkingtomachupicchu.com\/es\/tours\/tour-montana-machu-picchu-en-1-dia\/\" class=\"atgrid__item__top__image\"><img loading=\"lazy\" decoding=\"async\" width=\"360\" height=\"240\" src=\"https:\/\/www.trekkingtomachupicchu.com\/es\/wp-content\/uploads\/2024\/02\/montana-machu-picchu-360x240.jpg\" class=\"attachment-thumb_tour_listing_small size-thumb_tour_listing_small wp-post-image\" alt=\"monta\u00f1a machu picchu\" srcset=\"https:\/\/www.trekkingtomachupicchu.com\/es\/wp-content\/uploads\/2024\/02\/montana-machu-picchu-360x240.jpg 360w, https:\/\/www.trekkingtomachupicchu.com\/es\/wp-content\/uploads\/2024\/02\/montana-machu-picchu-531x354.jpg 531w, https:\/\/www.trekkingtomachupicchu.com\/es\/wp-content\/uploads\/2024\/02\/montana-machu-picchu-180x120.jpg 180w, https:\/\/www.trekkingtomachupicchu.com\/es\/wp-content\/uploads\/2024\/02\/montana-machu-picchu-270x180.jpg 270w\" sizes=\"auto, (max-width: 360px) 100vw, 360px\" \/><\/a>\t\t\t\t\t<div class=\"atgrid__item__angle-wrap\"><div class=\"atgrid__item__angle\" style=\"background-color:#fe3b1d\">Top<\/div><\/div><div class=\"atgrid__item__price\"><a href=\"https:\/\/www.trekkingtomachupicchu.com\/es\/tours\/tour-montana-machu-picchu-en-1-dia\/\" class=\"atgrid__item__price__button\"><del aria-hidden=\"true\"><span class=\"woocommerce-Price-amount amount\"><bdi><span class=\"woocommerce-Price-currencySymbol\">&#36;<\/span>380.00<\/bdi><\/span><\/del> <span class=\"screen-reader-text\">El precio original era: &#036;380.00.<\/span><ins aria-hidden=\"true\"><span class=\"woocommerce-Price-amount amount\"><bdi><span class=\"woocommerce-Price-currencySymbol\">&#36;<\/span>340.00<\/bdi><\/span><\/ins><span class=\"screen-reader-text\">El precio actual es: &#036;340.00.<\/span><\/a><\/div>\t\t\t\t\t\t\t\t\t\t\t\t\t\t<\/div>\n\t\t\t\t<div class=\"atgrid__item__content\">\n\t\t\t\t\t<h3 class=\"atgrid__item__title\"><a href=\"https:\/\/www.trekkingtomachupicchu.com\/es\/tours\/tour-montana-machu-picchu-en-1-dia\/\">Tour Monta\u00f1a Machu Picchu en 1 Dia<\/a><\/h3>\n\t\t\t\t\t\t\t\t\t<div class=\"atgrid__item__description\">Tour Monta\u00f1a Machu Picchu en 1 Dia. Visita la monta\u00f1a Machu Picchu y luego visita la ciudad inca de Machu<\/div>\n\t\t\t\t\t\t\t\t<\/div>\n\t\t\t\t<div class=\"item-attributes\">\n\t\t\t\t\t\t\t\t\t\t<div class=\"item-attributes__item\"><a href=\"https:\/\/www.trekkingtomachupicchu.com\/es\/tours\/tour-montana-machu-picchu-en-1-dia\/\" class=\"item-attributes__link\"><i class=\"fa fa-long-arrow-right\"><\/i><\/a><\/div>\n\t\t\t\t<\/div>\n\t\t\t<\/div>\n\t\t<\/div>\n\t\t\t<div class=\"atgrid__row-separator clearfix visible-sm visible-xs\"><\/div>\t\t<div class=\"col-md-3 col-xs-6 atgrid__item-wrap\">\n\t\t\t<div class=\"atgrid__item\">\n\t\t\t\t<div class=\"atgrid__item__top\">\n\t\t\t\t\t<a href=\"https:\/\/www.trekkingtomachupicchu.com\/es\/tours\/tour-huayna-picchu-en-1-dia\/\" class=\"atgrid__item__top__image\"><img loading=\"lazy\" decoding=\"async\" width=\"360\" height=\"240\" src=\"https:\/\/www.trekkingtomachupicchu.com\/es\/wp-content\/uploads\/2024\/02\/huayna-picchu-360x240.jpg\" class=\"attachment-thumb_tour_listing_small size-thumb_tour_listing_small wp-post-image\" alt=\"huayna picchu\" srcset=\"https:\/\/www.trekkingtomachupicchu.com\/es\/wp-content\/uploads\/2024\/02\/huayna-picchu-360x240.jpg 360w, https:\/\/www.trekkingtomachupicchu.com\/es\/wp-content\/uploads\/2024\/02\/huayna-picchu-531x354.jpg 531w, https:\/\/www.trekkingtomachupicchu.com\/es\/wp-content\/uploads\/2024\/02\/huayna-picchu-180x120.jpg 180w, https:\/\/www.trekkingtomachupicchu.com\/es\/wp-content\/uploads\/2024\/02\/huayna-picchu-270x180.jpg 270w\" sizes=\"auto, (max-width: 360px) 100vw, 360px\" \/><\/a>\t\t\t\t\t<div class=\"atgrid__item__angle-wrap\"><div class=\"atgrid__item__angle\" style=\"background-color:#053220\">+ Vendido<\/div><\/div><div class=\"atgrid__item__price\"><a href=\"https:\/\/www.trekkingtomachupicchu.com\/es\/tours\/tour-huayna-picchu-en-1-dia\/\" class=\"atgrid__item__price__button\"><del aria-hidden=\"true\"><span class=\"woocommerce-Price-amount amount\"><bdi><span class=\"woocommerce-Price-currencySymbol\">&#36;<\/span>420.00<\/bdi><\/span><\/del> <span class=\"screen-reader-text\">El precio original era: &#036;420.00.<\/span><ins aria-hidden=\"true\"><span class=\"woocommerce-Price-amount amount\"><bdi><span class=\"woocommerce-Price-currencySymbol\">&#36;<\/span>400.00<\/bdi><\/span><\/ins><span class=\"screen-reader-text\">El precio actual es: &#036;400.00.<\/span><\/a><\/div>\t\t\t\t\t\t\t\t\t\t\t\t\t\t<\/div>\n\t\t\t\t<div class=\"atgrid__item__content\">\n\t\t\t\t\t<h3 class=\"atgrid__item__title\"><a href=\"https:\/\/www.trekkingtomachupicchu.com\/es\/tours\/tour-huayna-picchu-en-1-dia\/\">Tour Huayna Picchu en 1 Dia<\/a><\/h3>\n\t\t\t\t\t\t\t\t\t<div class=\"atgrid__item__description\">Tour Huayna Picchu en 1 D\u00eda. Visita la monta\u00f1a Huayna Picchu en 1 d\u00eda desde Cusco, el tour inicia muy<\/div>\n\t\t\t\t\t\t\t\t<\/div>\n\t\t\t\t<div class=\"item-attributes\">\n\t\t\t\t\t\t\t\t\t\t<div class=\"item-attributes__item\"><a href=\"https:\/\/www.trekkingtomachupicchu.com\/es\/tours\/tour-huayna-picchu-en-1-dia\/\" class=\"item-attributes__link\"><i class=\"fa fa-long-arrow-right\"><\/i><\/a><\/div>\n\t\t\t\t<\/div>\n\t\t\t<\/div>\n\t\t<\/div>\n\t\t\t<\/div>\n<\/div>\n[\/vc_column][\/vc_row][vc_row full_width=\u00bbstretch_row_content\u00bb css=\u00bb.vc_custom_1725495736169{background-color: #053220 !important;}\u00bb][vc_column][vc_column_text]<\/p>\n<h2 style=\"text-align: center; font-size: 30pt; color: #ffffff;\">Tours en Cusco<\/h2>\n<p style=\"text-align: center; color: #ffffff;\">Los mejores tours en Cusco en 1 D\u00eda y Medio D\u00eda!<\/p>\n<p>[\/vc_column_text][\/vc_column][\/vc_row][vc_row][vc_column]\n<div class=\"atgrid atgrid--small\">\n\t<div class=\"row atgrid__row\">\n\t\t\t\t\t<div class=\"col-md-3 col-xs-6 atgrid__item-wrap\">\n\t\t\t<div class=\"atgrid__item\">\n\t\t\t\t<div class=\"atgrid__item__top\">\n\t\t\t\t\t<a href=\"https:\/\/www.trekkingtomachupicchu.com\/es\/tours\/tour-montana-de-7-colores-en-1-dia\/\" class=\"atgrid__item__top__image\"><img loading=\"lazy\" decoding=\"async\" width=\"360\" height=\"240\" src=\"https:\/\/www.trekkingtomachupicchu.com\/es\/wp-content\/uploads\/2024\/02\/montana-de-7-colores-360x240.jpg\" class=\"attachment-thumb_tour_listing_small size-thumb_tour_listing_small wp-post-image\" alt=\"monta\u00f1a de 7 colores\" srcset=\"https:\/\/www.trekkingtomachupicchu.com\/es\/wp-content\/uploads\/2024\/02\/montana-de-7-colores-360x240.jpg 360w, https:\/\/www.trekkingtomachupicchu.com\/es\/wp-content\/uploads\/2024\/02\/montana-de-7-colores-531x354.jpg 531w, https:\/\/www.trekkingtomachupicchu.com\/es\/wp-content\/uploads\/2024\/02\/montana-de-7-colores-180x120.jpg 180w, https:\/\/www.trekkingtomachupicchu.com\/es\/wp-content\/uploads\/2024\/02\/montana-de-7-colores-270x180.jpg 270w\" sizes=\"auto, (max-width: 360px) 100vw, 360px\" \/><\/a>\t\t\t\t\t<div class=\"atgrid__item__angle-wrap\"><div class=\"atgrid__item__angle\" style=\"background-color:#053220\">+ Vendido<\/div><\/div><div class=\"atgrid__item__price\"><a href=\"https:\/\/www.trekkingtomachupicchu.com\/es\/tours\/tour-montana-de-7-colores-en-1-dia\/\" class=\"atgrid__item__price__button\"><del aria-hidden=\"true\"><span class=\"woocommerce-Price-amount amount\"><bdi><span class=\"woocommerce-Price-currencySymbol\">&#36;<\/span>45.00<\/bdi><\/span><\/del> <span class=\"screen-reader-text\">El precio original era: &#036;45.00.<\/span><ins aria-hidden=\"true\"><span class=\"woocommerce-Price-amount amount\"><bdi><span class=\"woocommerce-Price-currencySymbol\">&#36;<\/span>40.00<\/bdi><\/span><\/ins><span class=\"screen-reader-text\">El precio actual es: &#036;40.00.<\/span><\/a><\/div>\t\t\t\t\t\t\t\t\t\t\t\t\t\t<\/div>\n\t\t\t\t<div class=\"atgrid__item__content\">\n\t\t\t\t\t<h3 class=\"atgrid__item__title\"><a href=\"https:\/\/www.trekkingtomachupicchu.com\/es\/tours\/tour-montana-de-7-colores-en-1-dia\/\">Tour Monta\u00f1a de 7 colores en 1 Dia<\/a><\/h3>\n\t\t\t\t\t\t\t\t\t<div class=\"atgrid__item__description\">Tour Monta\u00f1a de 7 colores en 1 D\u00eda. La monta\u00f1a de colores es muy famosa y es uno de los<\/div>\n\t\t\t\t\t\t\t\t<\/div>\n\t\t\t\t<div class=\"item-attributes\">\n\t\t\t\t\t\t\t\t\t\t<div class=\"item-attributes__item\"><a href=\"https:\/\/www.trekkingtomachupicchu.com\/es\/tours\/tour-montana-de-7-colores-en-1-dia\/\" class=\"item-attributes__link\"><i class=\"fa fa-long-arrow-right\"><\/i><\/a><\/div>\n\t\t\t\t<\/div>\n\t\t\t<\/div>\n\t\t<\/div>\n\t\t\t\t\t<div class=\"col-md-3 col-xs-6 atgrid__item-wrap\">\n\t\t\t<div class=\"atgrid__item\">\n\t\t\t\t<div class=\"atgrid__item__top\">\n\t\t\t\t\t<a href=\"https:\/\/www.trekkingtomachupicchu.com\/es\/tours\/city-tour-cusco-en-medio-dia\/\" class=\"atgrid__item__top__image\"><img loading=\"lazy\" decoding=\"async\" width=\"360\" height=\"240\" src=\"https:\/\/www.trekkingtomachupicchu.com\/es\/wp-content\/uploads\/2024\/02\/sacsayhuaman-360x240.jpg\" class=\"attachment-thumb_tour_listing_small size-thumb_tour_listing_small wp-post-image\" alt=\"sacsayhuaman\" srcset=\"https:\/\/www.trekkingtomachupicchu.com\/es\/wp-content\/uploads\/2024\/02\/sacsayhuaman-360x240.jpg 360w, https:\/\/www.trekkingtomachupicchu.com\/es\/wp-content\/uploads\/2024\/02\/sacsayhuaman-531x354.jpg 531w, https:\/\/www.trekkingtomachupicchu.com\/es\/wp-content\/uploads\/2024\/02\/sacsayhuaman-180x120.jpg 180w, https:\/\/www.trekkingtomachupicchu.com\/es\/wp-content\/uploads\/2024\/02\/sacsayhuaman-270x180.jpg 270w\" sizes=\"auto, (max-width: 360px) 100vw, 360px\" \/><\/a>\t\t\t\t\t<div class=\"atgrid__item__angle-wrap\"><div class=\"atgrid__item__angle\" style=\"background-color:#fe3b1d\">Top<\/div><\/div><div class=\"atgrid__item__price\"><a href=\"https:\/\/www.trekkingtomachupicchu.com\/es\/tours\/city-tour-cusco-en-medio-dia\/\" class=\"atgrid__item__price__button\"><del aria-hidden=\"true\"><span class=\"woocommerce-Price-amount amount\"><bdi><span class=\"woocommerce-Price-currencySymbol\">&#36;<\/span>20.00<\/bdi><\/span><\/del> <span class=\"screen-reader-text\">El precio original era: &#036;20.00.<\/span><ins aria-hidden=\"true\"><span class=\"woocommerce-Price-amount amount\"><bdi><span class=\"woocommerce-Price-currencySymbol\">&#36;<\/span>15.00<\/bdi><\/span><\/ins><span class=\"screen-reader-text\">El precio actual es: &#036;15.00.<\/span><\/a><\/div>\t\t\t\t\t\t\t\t\t\t\t\t\t\t<\/div>\n\t\t\t\t<div class=\"atgrid__item__content\">\n\t\t\t\t\t<h3 class=\"atgrid__item__title\"><a href=\"https:\/\/www.trekkingtomachupicchu.com\/es\/tours\/city-tour-cusco-en-medio-dia\/\">City Tour Cusco en Medio d\u00eda<\/a><\/h3>\n\t\t\t\t\t\t\t\t\t<div class=\"atgrid__item__description\">Tour por la ciudad del Cusco en Medio d\u00eda. Este tour es perfecto porque visitaras los principales atractivos tur\u00edsticos del<\/div>\n\t\t\t\t\t\t\t\t<\/div>\n\t\t\t\t<div class=\"item-attributes\">\n\t\t\t\t\t\t\t\t\t\t<div class=\"item-attributes__item\"><a href=\"https:\/\/www.trekkingtomachupicchu.com\/es\/tours\/city-tour-cusco-en-medio-dia\/\" class=\"item-attributes__link\"><i class=\"fa fa-long-arrow-right\"><\/i><\/a><\/div>\n\t\t\t\t<\/div>\n\t\t\t<\/div>\n\t\t<\/div>\n\t\t\t<div class=\"atgrid__row-separator clearfix visible-sm visible-xs\"><\/div>\t\t<div class=\"col-md-3 col-xs-6 atgrid__item-wrap\">\n\t\t\t<div class=\"atgrid__item\">\n\t\t\t\t<div class=\"atgrid__item__top\">\n\t\t\t\t\t<a href=\"https:\/\/www.trekkingtomachupicchu.com\/es\/tours\/tour-maras-moray-con-valle-sagrado-en-1-dia\/\" class=\"atgrid__item__top__image\"><img loading=\"lazy\" decoding=\"async\" width=\"360\" height=\"240\" src=\"https:\/\/www.trekkingtomachupicchu.com\/es\/wp-content\/uploads\/2024\/02\/valle-sagrado-ollantaytambo-360x240.jpg\" class=\"attachment-thumb_tour_listing_small size-thumb_tour_listing_small wp-post-image\" alt=\"valle sagrado ollantaytambo\" srcset=\"https:\/\/www.trekkingtomachupicchu.com\/es\/wp-content\/uploads\/2024\/02\/valle-sagrado-ollantaytambo-360x240.jpg 360w, https:\/\/www.trekkingtomachupicchu.com\/es\/wp-content\/uploads\/2024\/02\/valle-sagrado-ollantaytambo-531x354.jpg 531w, https:\/\/www.trekkingtomachupicchu.com\/es\/wp-content\/uploads\/2024\/02\/valle-sagrado-ollantaytambo-180x120.jpg 180w, https:\/\/www.trekkingtomachupicchu.com\/es\/wp-content\/uploads\/2024\/02\/valle-sagrado-ollantaytambo-270x180.jpg 270w\" sizes=\"auto, (max-width: 360px) 100vw, 360px\" \/><\/a>\t\t\t\t\t<div class=\"atgrid__item__angle-wrap\"><div class=\"atgrid__item__angle\" style=\"background-color:#053220\">+ Vendido<\/div><\/div><div class=\"atgrid__item__price\"><a href=\"https:\/\/www.trekkingtomachupicchu.com\/es\/tours\/tour-maras-moray-con-valle-sagrado-en-1-dia\/\" class=\"atgrid__item__price__button\"><del aria-hidden=\"true\"><span class=\"woocommerce-Price-amount amount\"><bdi><span class=\"woocommerce-Price-currencySymbol\">&#36;<\/span>45.00<\/bdi><\/span><\/del> <span class=\"screen-reader-text\">El precio original era: &#036;45.00.<\/span><ins aria-hidden=\"true\"><span class=\"woocommerce-Price-amount amount\"><bdi><span class=\"woocommerce-Price-currencySymbol\">&#36;<\/span>40.00<\/bdi><\/span><\/ins><span class=\"screen-reader-text\">El precio actual es: &#036;40.00.<\/span><\/a><\/div>\t\t\t\t\t\t\t\t\t\t\t\t\t\t<\/div>\n\t\t\t\t<div class=\"atgrid__item__content\">\n\t\t\t\t\t<h3 class=\"atgrid__item__title\"><a href=\"https:\/\/www.trekkingtomachupicchu.com\/es\/tours\/tour-maras-moray-con-valle-sagrado-en-1-dia\/\">Tour Maras Moray con Valle Sagrado en 1 Dia<\/a><\/h3>\n\t\t\t\t\t\t\t\t\t<div class=\"atgrid__item__description\">Tour Maras Moray con Valle Sagrado en 1 D\u00eda. Visita el valle sagrado de los incas y vive unas de<\/div>\n\t\t\t\t\t\t\t\t<\/div>\n\t\t\t\t<div class=\"item-attributes\">\n\t\t\t\t\t\t\t\t\t\t<div class=\"item-attributes__item\"><a href=\"https:\/\/www.trekkingtomachupicchu.com\/es\/tours\/tour-maras-moray-con-valle-sagrado-en-1-dia\/\" class=\"item-attributes__link\"><i class=\"fa fa-long-arrow-right\"><\/i><\/a><\/div>\n\t\t\t\t<\/div>\n\t\t\t<\/div>\n\t\t<\/div>\n\t\t\t\t\t<div class=\"col-md-3 col-xs-6 atgrid__item-wrap\">\n\t\t\t<div class=\"atgrid__item\">\n\t\t\t\t<div class=\"atgrid__item__top\">\n\t\t\t\t\t<a href=\"https:\/\/www.trekkingtomachupicchu.com\/es\/tours\/tour-montana-palcoyo-en-1-dia\/\" class=\"atgrid__item__top__image\"><img loading=\"lazy\" decoding=\"async\" width=\"360\" height=\"240\" src=\"https:\/\/www.trekkingtomachupicchu.com\/es\/wp-content\/uploads\/2024\/02\/tour-palcoyo-360x240.jpg\" class=\"attachment-thumb_tour_listing_small size-thumb_tour_listing_small wp-post-image\" alt=\"tour palcoyo\" srcset=\"https:\/\/www.trekkingtomachupicchu.com\/es\/wp-content\/uploads\/2024\/02\/tour-palcoyo-360x240.jpg 360w, https:\/\/www.trekkingtomachupicchu.com\/es\/wp-content\/uploads\/2024\/02\/tour-palcoyo-531x354.jpg 531w, https:\/\/www.trekkingtomachupicchu.com\/es\/wp-content\/uploads\/2024\/02\/tour-palcoyo-180x120.jpg 180w, https:\/\/www.trekkingtomachupicchu.com\/es\/wp-content\/uploads\/2024\/02\/tour-palcoyo-270x180.jpg 270w\" sizes=\"auto, (max-width: 360px) 100vw, 360px\" \/><\/a>\t\t\t\t\t<div class=\"atgrid__item__angle-wrap\"><div class=\"atgrid__item__angle\" style=\"background-color:#053220\">+ Vendido<\/div><\/div><div class=\"atgrid__item__price\"><a href=\"https:\/\/www.trekkingtomachupicchu.com\/es\/tours\/tour-montana-palcoyo-en-1-dia\/\" class=\"atgrid__item__price__button\"><del aria-hidden=\"true\"><span class=\"woocommerce-Price-amount amount\"><bdi><span class=\"woocommerce-Price-currencySymbol\">&#36;<\/span>45.00<\/bdi><\/span><\/del> <span class=\"screen-reader-text\">El precio original era: &#036;45.00.<\/span><ins aria-hidden=\"true\"><span class=\"woocommerce-Price-amount amount\"><bdi><span class=\"woocommerce-Price-currencySymbol\">&#36;<\/span>40.00<\/bdi><\/span><\/ins><span class=\"screen-reader-text\">El precio actual es: &#036;40.00.<\/span><\/a><\/div>\t\t\t\t\t\t\t\t\t\t\t\t\t\t<\/div>\n\t\t\t\t<div class=\"atgrid__item__content\">\n\t\t\t\t\t<h3 class=\"atgrid__item__title\"><a href=\"https:\/\/www.trekkingtomachupicchu.com\/es\/tours\/tour-montana-palcoyo-en-1-dia\/\">Tour Monta\u00f1a Palcoyo en 1 Dia<\/a><\/h3>\n\t\t\t\t\t\t\t\t\t<div class=\"atgrid__item__description\">Tour Monta\u00f1a Palcoyo en 1 D\u00eda. Visita la monta\u00f1a arco\u00edris de Palcoyo en 1 d\u00eda, esta monta\u00f1a es muy parecida<\/div>\n\t\t\t\t\t\t\t\t<\/div>\n\t\t\t\t<div class=\"item-attributes\">\n\t\t\t\t\t\t\t\t\t\t<div class=\"item-attributes__item\"><a href=\"https:\/\/www.trekkingtomachupicchu.com\/es\/tours\/tour-montana-palcoyo-en-1-dia\/\" class=\"item-attributes__link\"><i class=\"fa fa-long-arrow-right\"><\/i><\/a><\/div>\n\t\t\t\t<\/div>\n\t\t\t<\/div>\n\t\t<\/div>\n\t\t\t<div class=\"atgrid__row-separator clearfix hidden-sm hidden-xs\"><\/div><div class=\"atgrid__row-separator clearfix visible-sm visible-xs\"><\/div>\t\t<div class=\"col-md-3 col-xs-6 atgrid__item-wrap\">\n\t\t\t<div class=\"atgrid__item\">\n\t\t\t\t<div class=\"atgrid__item__top\">\n\t\t\t\t\t<a href=\"https:\/\/www.trekkingtomachupicchu.com\/es\/tours\/tour-valle-sur-cusco-en-medio-dia\/\" class=\"atgrid__item__top__image\"><img loading=\"lazy\" decoding=\"async\" width=\"360\" height=\"240\" src=\"https:\/\/www.trekkingtomachupicchu.com\/es\/wp-content\/uploads\/2024\/02\/andahuaylillas-360x240.jpg\" class=\"attachment-thumb_tour_listing_small size-thumb_tour_listing_small wp-post-image\" alt=\"andahuaylillas\" srcset=\"https:\/\/www.trekkingtomachupicchu.com\/es\/wp-content\/uploads\/2024\/02\/andahuaylillas-360x240.jpg 360w, https:\/\/www.trekkingtomachupicchu.com\/es\/wp-content\/uploads\/2024\/02\/andahuaylillas-531x354.jpg 531w, https:\/\/www.trekkingtomachupicchu.com\/es\/wp-content\/uploads\/2024\/02\/andahuaylillas-180x120.jpg 180w, https:\/\/www.trekkingtomachupicchu.com\/es\/wp-content\/uploads\/2024\/02\/andahuaylillas-270x180.jpg 270w, https:\/\/www.trekkingtomachupicchu.com\/es\/wp-content\/uploads\/2024\/02\/andahuaylillas-720x480.jpg 720w\" sizes=\"auto, (max-width: 360px) 100vw, 360px\" \/><\/a>\t\t\t\t\t<div class=\"atgrid__item__price\"><a href=\"https:\/\/www.trekkingtomachupicchu.com\/es\/tours\/tour-valle-sur-cusco-en-medio-dia\/\" class=\"atgrid__item__price__button\"><del aria-hidden=\"true\"><span class=\"woocommerce-Price-amount amount\"><bdi><span class=\"woocommerce-Price-currencySymbol\">&#36;<\/span>30.00<\/bdi><\/span><\/del> <span class=\"screen-reader-text\">El precio original era: &#036;30.00.<\/span><ins aria-hidden=\"true\"><span class=\"woocommerce-Price-amount amount\"><bdi><span class=\"woocommerce-Price-currencySymbol\">&#36;<\/span>23.00<\/bdi><\/span><\/ins><span class=\"screen-reader-text\">El precio actual es: &#036;23.00.<\/span><\/a><\/div>\t\t\t\t\t\t\t\t\t\t\t\t\t\t<\/div>\n\t\t\t\t<div class=\"atgrid__item__content\">\n\t\t\t\t\t<h3 class=\"atgrid__item__title\"><a href=\"https:\/\/www.trekkingtomachupicchu.com\/es\/tours\/tour-valle-sur-cusco-en-medio-dia\/\">Tour Valle Sur Cusco en Medio D\u00eda<\/a><\/h3>\n\t\t\t\t\t\t\t\t\t<div class=\"atgrid__item__description\">Tour Valle Sur Cusco en Medio D\u00eda. Uno de los circuitos para visitar en medio d\u00eda es el Valle Sur<\/div>\n\t\t\t\t\t\t\t\t<\/div>\n\t\t\t\t<div class=\"item-attributes\">\n\t\t\t\t\t\t\t\t\t\t<div class=\"item-attributes__item\"><a href=\"https:\/\/www.trekkingtomachupicchu.com\/es\/tours\/tour-valle-sur-cusco-en-medio-dia\/\" class=\"item-attributes__link\"><i class=\"fa fa-long-arrow-right\"><\/i><\/a><\/div>\n\t\t\t\t<\/div>\n\t\t\t<\/div>\n\t\t<\/div>\n\t\t\t\t\t<div class=\"col-md-3 col-xs-6 atgrid__item-wrap\">\n\t\t\t<div class=\"atgrid__item\">\n\t\t\t\t<div class=\"atgrid__item__top\">\n\t\t\t\t\t<a href=\"https:\/\/www.trekkingtomachupicchu.com\/es\/tours\/tour-valle-sagrado-de-los-incas-en-1-dia\/\" class=\"atgrid__item__top__image\"><img loading=\"lazy\" decoding=\"async\" width=\"360\" height=\"240\" src=\"https:\/\/www.trekkingtomachupicchu.com\/es\/wp-content\/uploads\/2024\/02\/pisac-360x240.jpg\" class=\"attachment-thumb_tour_listing_small size-thumb_tour_listing_small wp-post-image\" alt=\"pisac\" srcset=\"https:\/\/www.trekkingtomachupicchu.com\/es\/wp-content\/uploads\/2024\/02\/pisac-360x240.jpg 360w, https:\/\/www.trekkingtomachupicchu.com\/es\/wp-content\/uploads\/2024\/02\/pisac-531x354.jpg 531w, https:\/\/www.trekkingtomachupicchu.com\/es\/wp-content\/uploads\/2024\/02\/pisac-180x120.jpg 180w, https:\/\/www.trekkingtomachupicchu.com\/es\/wp-content\/uploads\/2024\/02\/pisac-270x180.jpg 270w\" sizes=\"auto, (max-width: 360px) 100vw, 360px\" \/><\/a>\t\t\t\t\t<div class=\"atgrid__item__angle-wrap\"><div class=\"atgrid__item__angle\" style=\"background-color:#fe3b1d\">Top<\/div><\/div><div class=\"atgrid__item__price\"><a href=\"https:\/\/www.trekkingtomachupicchu.com\/es\/tours\/tour-valle-sagrado-de-los-incas-en-1-dia\/\" class=\"atgrid__item__price__button\"><del aria-hidden=\"true\"><span class=\"woocommerce-Price-amount amount\"><bdi><span class=\"woocommerce-Price-currencySymbol\">&#36;<\/span>40.00<\/bdi><\/span><\/del> <span class=\"screen-reader-text\">El precio original era: &#036;40.00.<\/span><ins aria-hidden=\"true\"><span class=\"woocommerce-Price-amount amount\"><bdi><span class=\"woocommerce-Price-currencySymbol\">&#36;<\/span>35.00<\/bdi><\/span><\/ins><span class=\"screen-reader-text\">El precio actual es: &#036;35.00.<\/span><\/a><\/div>\t\t\t\t\t\t\t\t\t\t\t\t\t\t<\/div>\n\t\t\t\t<div class=\"atgrid__item__content\">\n\t\t\t\t\t<h3 class=\"atgrid__item__title\"><a href=\"https:\/\/www.trekkingtomachupicchu.com\/es\/tours\/tour-valle-sagrado-de-los-incas-en-1-dia\/\">Tour Valle Sagrado de los Incas en 1 Dia<\/a><\/h3>\n\t\t\t\t\t\t\t\t\t<div class=\"atgrid__item__description\">Tour Valle Sagrado de los Incas en 1 D\u00eda. Visita los principales atractivos tur\u00edsticos del valle sagrado de los Incas,<\/div>\n\t\t\t\t\t\t\t\t<\/div>\n\t\t\t\t<div class=\"item-attributes\">\n\t\t\t\t\t\t\t\t\t\t<div class=\"item-attributes__item\"><a href=\"https:\/\/www.trekkingtomachupicchu.com\/es\/tours\/tour-valle-sagrado-de-los-incas-en-1-dia\/\" class=\"item-attributes__link\"><i class=\"fa fa-long-arrow-right\"><\/i><\/a><\/div>\n\t\t\t\t<\/div>\n\t\t\t<\/div>\n\t\t<\/div>\n\t\t\t<div class=\"atgrid__row-separator clearfix visible-sm visible-xs\"><\/div>\t\t<div class=\"col-md-3 col-xs-6 atgrid__item-wrap\">\n\t\t\t<div class=\"atgrid__item\">\n\t\t\t\t<div class=\"atgrid__item__top\">\n\t\t\t\t\t<a href=\"https:\/\/www.trekkingtomachupicchu.com\/es\/tours\/tour-laguna-humantay-en-1-dia\/\" class=\"atgrid__item__top__image\"><img loading=\"lazy\" decoding=\"async\" width=\"360\" height=\"240\" src=\"https:\/\/www.trekkingtomachupicchu.com\/es\/wp-content\/uploads\/2024\/02\/laguna-humantay-360x240.jpg\" class=\"attachment-thumb_tour_listing_small size-thumb_tour_listing_small wp-post-image\" alt=\"laguna humantay\" srcset=\"https:\/\/www.trekkingtomachupicchu.com\/es\/wp-content\/uploads\/2024\/02\/laguna-humantay-360x240.jpg 360w, https:\/\/www.trekkingtomachupicchu.com\/es\/wp-content\/uploads\/2024\/02\/laguna-humantay-531x354.jpg 531w, https:\/\/www.trekkingtomachupicchu.com\/es\/wp-content\/uploads\/2024\/02\/laguna-humantay-180x120.jpg 180w, https:\/\/www.trekkingtomachupicchu.com\/es\/wp-content\/uploads\/2024\/02\/laguna-humantay-270x180.jpg 270w, https:\/\/www.trekkingtomachupicchu.com\/es\/wp-content\/uploads\/2024\/02\/laguna-humantay-720x480.jpg 720w\" sizes=\"auto, (max-width: 360px) 100vw, 360px\" \/><\/a>\t\t\t\t\t<div class=\"atgrid__item__angle-wrap\"><div class=\"atgrid__item__angle\" style=\"background-color:#fe3b1d\">Top<\/div><\/div><div class=\"atgrid__item__price\"><a href=\"https:\/\/www.trekkingtomachupicchu.com\/es\/tours\/tour-laguna-humantay-en-1-dia\/\" class=\"atgrid__item__price__button\"><del aria-hidden=\"true\"><span class=\"woocommerce-Price-amount amount\"><bdi><span class=\"woocommerce-Price-currencySymbol\">&#36;<\/span>45.00<\/bdi><\/span><\/del> <span class=\"screen-reader-text\">El precio original era: &#036;45.00.<\/span><ins aria-hidden=\"true\"><span class=\"woocommerce-Price-amount amount\"><bdi><span class=\"woocommerce-Price-currencySymbol\">&#36;<\/span>40.00<\/bdi><\/span><\/ins><span class=\"screen-reader-text\">El precio actual es: &#036;40.00.<\/span><\/a><\/div>\t\t\t\t\t\t\t\t\t\t\t\t\t\t<\/div>\n\t\t\t\t<div class=\"atgrid__item__content\">\n\t\t\t\t\t<h3 class=\"atgrid__item__title\"><a href=\"https:\/\/www.trekkingtomachupicchu.com\/es\/tours\/tour-laguna-humantay-en-1-dia\/\">Tour Laguna Humantay en 1 Dia<\/a><\/h3>\n\t\t\t\t\t\t\t\t\t<div class=\"atgrid__item__description\">Tour Laguna Humantay en 1 D\u00eda. Visita la hermosa laguna turquesa de Humantay desde Cusco en 1 d\u00eda. La laguna<\/div>\n\t\t\t\t\t\t\t\t<\/div>\n\t\t\t\t<div class=\"item-attributes\">\n\t\t\t\t\t\t\t\t\t\t<div class=\"item-attributes__item\"><a href=\"https:\/\/www.trekkingtomachupicchu.com\/es\/tours\/tour-laguna-humantay-en-1-dia\/\" class=\"item-attributes__link\"><i class=\"fa fa-long-arrow-right\"><\/i><\/a><\/div>\n\t\t\t\t<\/div>\n\t\t\t<\/div>\n\t\t<\/div>\n\t\t\t<\/div>\n<\/div>\n[\/vc_column][\/vc_row][vc_row full_width=\u00bbstretch_row_content\u00bb css=\u00bb.vc_custom_1725495743460{background-color: #053220 !important;}\u00bb][vc_column][\/vc_column][\/vc_row][vc_row][vc_column][vc_column_text]<\/p>\n<h3 style=\"text-align: center; font-size: 28pt;\">\u00bfAcerca de Nosotros?<\/h3>\n<p>Somos <a href=\"https:\/\/www.trekkingtomachupicchu.com\/es\/\" target=\"_blank\" rel=\"noopener\">TrekkingToMachuPicchu<\/a>, el principal sitio web de reserva online de tours de trekking para <a href=\"https:\/\/www.trekkingtomachupicchu.com\/es\/tours\/tour-a-machu-picchu-en-1-dia\/\" target=\"_blank\" rel=\"noopener\">Machu Picchu<\/a> y tambi\u00e9n contamos con los mejores tours en <a href=\"https:\/\/www.trekkingtomachupicchu.com\/es\/tours\/city-tour-cusco-en-medio-dia\/\" target=\"_blank\" rel=\"noopener\">Cusco<\/a>. Junto a nosotros podr\u00e1s descubrir y reservar diferentes tipos de tours de caminata, aventura y ecol\u00f3gicos. Desde tours de 1 d\u00eda, 2 d\u00edas, 3 d\u00edas, 4 d\u00edas, 5 d\u00edas y paquetes de viajes para viajeros solitarios, grupo de amigos, <a href=\"https:\/\/www.donperutours.com\/es\/tours\/viaje-de-promociones-a-cusco-5d-4n\/\" target=\"_blank\" rel=\"noopener\">promociones escolares<\/a> y familias.<br \/>\n[\/vc_column_text][\/vc_column][\/vc_row][vc_row][vc_column][vc_column_text]<\/p>\n<h3 style=\"text-align: center; font-size: 28pt;\">\u00bfPor qu\u00e9 reservar en TrekkingToMachuPicchu.com?<\/h3>\n<p>[\/vc_column_text][vc_row_inner][vc_column_inner width=\u00bb1\/2&#8243;][vc_single_image image=\u00bb135&#8243; img_size=\u00bbfull\u00bb][\/vc_column_inner][vc_column_inner width=\u00bb1\/2&#8243;][vc_message message_box_style=\u00bbsolid-icon\u00bb icon_fontawesome=\u00bbfas fa-check-circle\u00bb]<strong>Operadores profesionales<\/strong><br \/>\nOptamos por las mejores actividades y seleccionamos a los mejores operadores locales, para asegurarnos de que tengas una experiencia segura, personalizada y excepcional.[\/vc_message][vc_message message_box_style=\u00bbsolid-icon\u00bb message_box_color=\u00bbgreen\u00bb icon_fontawesome=\u00bbfas fa-dollar-sign\u00bb]<strong>Mejor precio garantizado<\/strong><br \/>\nTe aseguramos que el precio que encontrar\u00e1s aqu\u00ed ser\u00e1 ideal para ti. La reserva es previa disponibilidad y contamos con pol\u00edticas flexibles de anulaci\u00f3n dependiendo al tour.[\/vc_message][vc_message message_box_style=\u00bbsolid-icon\u00bb message_box_color=\u00bbblack\u00bb icon_fontawesome=\u00bbfas fa-users-cog\u00bb]<strong>Atenci\u00f3n personalizada<\/strong><br \/>\nNuestros agentes de viaje est\u00e1n disponibles 24\/7 para ayudarte en el proceso de reserva, resolver tus dudas y ayudarte con la planificaci\u00f3n de tu viaje a Cusco y Machu Picchu.[\/vc_message][\/vc_column_inner][\/vc_row_inner][\/vc_column][\/vc_row][vc_row full_width=\u00bbstretch_row_content\u00bb css=\u00bb.vc_custom_1725495743460{background-color: #053220 !important;}\u00bb][vc_column][\/vc_column][\/vc_row][vc_row][vc_column][vc_column_text]<\/p>\n<p><center><br \/>\n<img loading=\"lazy\" decoding=\"async\" class=\"alignnone size-full wp-image-239\" src=\"https:\/\/www.trekkingtomachupicchu.com\/es\/wp-content\/uploads\/2024\/09\/turismo-responsable.png\" alt=\"eco friendly\" width=\"110\" height=\"110\" \/><img loading=\"lazy\" decoding=\"async\" class=\"alignnone size-full wp-image-240\" src=\"https:\/\/www.trekkingtomachupicchu.com\/es\/wp-content\/uploads\/2024\/09\/turismo-responsable1.png\" alt=\"turismo responsable\" width=\"110\" height=\"110\" \/><img loading=\"lazy\" decoding=\"async\" class=\"alignnone size-full wp-image-242\" src=\"https:\/\/www.trekkingtomachupicchu.com\/es\/wp-content\/uploads\/2024\/09\/turismo-responsable3.fw_.png\" alt=\"prom peru\" width=\"110\" height=\"110\" \/><img loading=\"lazy\" decoding=\"async\" class=\"alignnone size-full wp-image-243\" src=\"https:\/\/www.trekkingtomachupicchu.com\/es\/wp-content\/uploads\/2024\/09\/turismo-responsable2.fw_.png\" alt=\"mincetur\" width=\"110\" height=\"110\" \/><\/center>[\/vc_column_text][\/vc_column][\/vc_row]<\/p>\n<\/div>","protected":false},"excerpt":{"rendered":"<p>[vc_row][vc_column][vc_column_text] Tours en Machu Picchu y Cusco [\/vc_column_text][\/vc_column][\/vc_row][vc_row][vc_column width=\u00bb1\/2&#8243;][vc_single_image image=\u00bb117&#8243; img_size=\u00bbfull\u00bb onclick=\u00bbcustom_link\u00bb link=\u00bbhttps:\/\/www.trekkingtomachupicchu.com\/es\/tour-category\/cusco\/\u00bb][vc_single_image image=\u00bb118&#8243; img_size=\u00bbFull\u00bb onclick=\u00bbcustom_link\u00bb link=\u00bbhttps:\/\/www.trekkingtomachupicchu.com\/es\/tour-category\/tours-privados-en-cusco\/\u00bb][\/vc_column][vc_column width=\u00bb1\/2&#8243;][vc_single_image image=\u00bb119&#8243; img_size=\u00bbfull\u00bb<\/p>\n<div class=\"padding-top text-center\"><a href=\"https:\/\/www.trekkingtomachupicchu.com\/es\/tours\/tour-laguna-humantay-en-1-dia\/\" class=\"atbtn atbtn--medium atbtn--rounded atbtn--transparent\">Continuar lectura&#8230;<i class=\"atbtn__icon atbtn__icon--right fa fa-long-arrow-right\"><\/i><\/a><\/div>\n","protected":false},"author":1,"featured_media":0,"parent":0,"menu_order":0,"comment_status":"closed","ping_status":"closed","template":"","meta":{"footnotes":""},"class_list":["post-27","page","type-page","status-publish","hentry"],"yoast_head":"<!-- This site is optimized with the Yoast SEO plugin v27.1 - https:\/\/yoast.com\/product\/yoast-seo-wordpress\/ -->\n<title>Tours en Machu Picchu y Tours en Cusco<\/title>\n<meta name=\"description\" content=\"Trekking to Machu Picchu agencia de viajes en Cusco, los mejores tours de trekking a Machu Picchu y Cusco! Tours privados y compartido!\" \/>\n<meta name=\"robots\" content=\"index, follow, max-snippet:-1, max-image-preview:large, max-video-preview:-1\" \/>\n<link rel=\"canonical\" href=\"https:\/\/www.trekkingtomachupicchu.com\/es\/\" \/>\n<meta property=\"og:locale\" content=\"es_ES\" \/>\n<meta property=\"og:type\" content=\"article\" \/>\n<meta property=\"og:title\" content=\"Tours en Machu Picchu y Tours en Cusco\" \/>\n<meta property=\"og:description\" content=\"Trekking to Machu Picchu agencia de viajes en Cusco, los mejores tours de trekking a Machu Picchu y Cusco! Tours privados y compartido!\" \/>\n<meta property=\"og:url\" content=\"https:\/\/www.trekkingtomachupicchu.com\/es\/\" \/>\n<meta property=\"og:site_name\" content=\"Tours a Machu Picchu\" \/>\n<meta property=\"article:modified_time\" content=\"2024-09-08T13:58:14+00:00\" \/>\n<meta property=\"og:image\" content=\"https:\/\/www.trekkingtomachupicchu.com\/es\/wp-content\/uploads\/2024\/09\/turismo-responsable.png\" \/>\n<meta name=\"twitter:card\" content=\"summary_large_image\" \/>\n<meta name=\"twitter:label1\" content=\"Tiempo de lectura\" \/>\n\t<meta name=\"twitter:data1\" content=\"3 minutos\" \/>\n<script type=\"application\/ld+json\" class=\"yoast-schema-graph\">{\"@context\":\"https:\/\/schema.org\",\"@graph\":[{\"@type\":\"WebPage\",\"@id\":\"https:\/\/www.trekkingtomachupicchu.com\/es\/\",\"url\":\"https:\/\/www.trekkingtomachupicchu.com\/es\/\",\"name\":\"Tours en Machu Picchu y Tours en Cusco\",\"isPartOf\":{\"@id\":\"https:\/\/www.trekkingtomachupicchu.com\/es\/#website\"},\"primaryImageOfPage\":{\"@id\":\"https:\/\/www.trekkingtomachupicchu.com\/es\/#primaryimage\"},\"image\":{\"@id\":\"https:\/\/www.trekkingtomachupicchu.com\/es\/#primaryimage\"},\"thumbnailUrl\":\"https:\/\/www.trekkingtomachupicchu.com\/es\/wp-content\/uploads\/2024\/09\/turismo-responsable.png\",\"datePublished\":\"2024-02-16T19:36:57+00:00\",\"dateModified\":\"2024-09-08T13:58:14+00:00\",\"description\":\"Trekking to Machu Picchu agencia de viajes en Cusco, los mejores tours de trekking a Machu Picchu y Cusco! Tours privados y compartido!\",\"breadcrumb\":{\"@id\":\"https:\/\/www.trekkingtomachupicchu.com\/es\/#breadcrumb\"},\"inLanguage\":\"es\",\"potentialAction\":[{\"@type\":\"ReadAction\",\"target\":[\"https:\/\/www.trekkingtomachupicchu.com\/es\/\"]}]},{\"@type\":\"ImageObject\",\"inLanguage\":\"es\",\"@id\":\"https:\/\/www.trekkingtomachupicchu.com\/es\/#primaryimage\",\"url\":\"https:\/\/www.trekkingtomachupicchu.com\/es\/wp-content\/uploads\/2024\/09\/turismo-responsable.png\",\"contentUrl\":\"https:\/\/www.trekkingtomachupicchu.com\/es\/wp-content\/uploads\/2024\/09\/turismo-responsable.png\",\"width\":110,\"height\":110,\"caption\":\"eco friendly\"},{\"@type\":\"BreadcrumbList\",\"@id\":\"https:\/\/www.trekkingtomachupicchu.com\/es\/#breadcrumb\",\"itemListElement\":[{\"@type\":\"ListItem\",\"position\":1,\"name\":\"Portada\",\"item\":\"https:\/\/www.trekkingtomachupicchu.com\/es\/\"},{\"@type\":\"ListItem\",\"position\":2,\"name\":\"Inicio\"}]},{\"@type\":\"WebSite\",\"@id\":\"https:\/\/www.trekkingtomachupicchu.com\/es\/#website\",\"url\":\"https:\/\/www.trekkingtomachupicchu.com\/es\/\",\"name\":\"Tours a Machu Picchu\",\"description\":\"\",\"publisher\":{\"@id\":\"https:\/\/www.trekkingtomachupicchu.com\/es\/#organization\"},\"potentialAction\":[{\"@type\":\"SearchAction\",\"target\":{\"@type\":\"EntryPoint\",\"urlTemplate\":\"https:\/\/www.trekkingtomachupicchu.com\/es\/?s={search_term_string}\"},\"query-input\":{\"@type\":\"PropertyValueSpecification\",\"valueRequired\":true,\"valueName\":\"search_term_string\"}}],\"inLanguage\":\"es\"},{\"@type\":\"Organization\",\"@id\":\"https:\/\/www.trekkingtomachupicchu.com\/es\/#organization\",\"name\":\"Tours a Machu Picchu\",\"url\":\"https:\/\/www.trekkingtomachupicchu.com\/es\/\",\"logo\":{\"@type\":\"ImageObject\",\"inLanguage\":\"es\",\"@id\":\"https:\/\/www.trekkingtomachupicchu.com\/es\/#\/schema\/logo\/image\/\",\"url\":\"https:\/\/www.trekkingtomachupicchu.com\/es\/wp-content\/uploads\/2024\/02\/cropped-Sin-titulo-5-1.png\",\"contentUrl\":\"https:\/\/www.trekkingtomachupicchu.com\/es\/wp-content\/uploads\/2024\/02\/cropped-Sin-titulo-5-1.png\",\"width\":512,\"height\":512,\"caption\":\"Tours a Machu Picchu\"},\"image\":{\"@id\":\"https:\/\/www.trekkingtomachupicchu.com\/es\/#\/schema\/logo\/image\/\"}}]}<\/script>\n<!-- \/ Yoast SEO plugin. -->","yoast_head_json":{"title":"Tours en Machu Picchu y Tours en Cusco","description":"Trekking to Machu Picchu agencia de viajes en Cusco, los mejores tours de trekking a Machu Picchu y Cusco! Tours privados y compartido!","robots":{"index":"index","follow":"follow","max-snippet":"max-snippet:-1","max-image-preview":"max-image-preview:large","max-video-preview":"max-video-preview:-1"},"canonical":"https:\/\/www.trekkingtomachupicchu.com\/es\/","og_locale":"es_ES","og_type":"article","og_title":"Tours en Machu Picchu y Tours en Cusco","og_description":"Trekking to Machu Picchu agencia de viajes en Cusco, los mejores tours de trekking a Machu Picchu y Cusco! Tours privados y compartido!","og_url":"https:\/\/www.trekkingtomachupicchu.com\/es\/","og_site_name":"Tours a Machu Picchu","article_modified_time":"2024-09-08T13:58:14+00:00","og_image":[{"url":"https:\/\/www.trekkingtomachupicchu.com\/es\/wp-content\/uploads\/2024\/09\/turismo-responsable.png","type":"","width":"","height":""}],"twitter_card":"summary_large_image","twitter_misc":{"Tiempo de lectura":"3 minutos"},"schema":{"@context":"https:\/\/schema.org","@graph":[{"@type":"WebPage","@id":"https:\/\/www.trekkingtomachupicchu.com\/es\/","url":"https:\/\/www.trekkingtomachupicchu.com\/es\/","name":"Tours en Machu Picchu y Tours en Cusco","isPartOf":{"@id":"https:\/\/www.trekkingtomachupicchu.com\/es\/#website"},"primaryImageOfPage":{"@id":"https:\/\/www.trekkingtomachupicchu.com\/es\/#primaryimage"},"image":{"@id":"https:\/\/www.trekkingtomachupicchu.com\/es\/#primaryimage"},"thumbnailUrl":"https:\/\/www.trekkingtomachupicchu.com\/es\/wp-content\/uploads\/2024\/09\/turismo-responsable.png","datePublished":"2024-02-16T19:36:57+00:00","dateModified":"2024-09-08T13:58:14+00:00","description":"Trekking to Machu Picchu agencia de viajes en Cusco, los mejores tours de trekking a Machu Picchu y Cusco! Tours privados y compartido!","breadcrumb":{"@id":"https:\/\/www.trekkingtomachupicchu.com\/es\/#breadcrumb"},"inLanguage":"es","potentialAction":[{"@type":"ReadAction","target":["https:\/\/www.trekkingtomachupicchu.com\/es\/"]}]},{"@type":"ImageObject","inLanguage":"es","@id":"https:\/\/www.trekkingtomachupicchu.com\/es\/#primaryimage","url":"https:\/\/www.trekkingtomachupicchu.com\/es\/wp-content\/uploads\/2024\/09\/turismo-responsable.png","contentUrl":"https:\/\/www.trekkingtomachupicchu.com\/es\/wp-content\/uploads\/2024\/09\/turismo-responsable.png","width":110,"height":110,"caption":"eco friendly"},{"@type":"BreadcrumbList","@id":"https:\/\/www.trekkingtomachupicchu.com\/es\/#breadcrumb","itemListElement":[{"@type":"ListItem","position":1,"name":"Portada","item":"https:\/\/www.trekkingtomachupicchu.com\/es\/"},{"@type":"ListItem","position":2,"name":"Inicio"}]},{"@type":"WebSite","@id":"https:\/\/www.trekkingtomachupicchu.com\/es\/#website","url":"https:\/\/www.trekkingtomachupicchu.com\/es\/","name":"Tours a Machu Picchu","description":"","publisher":{"@id":"https:\/\/www.trekkingtomachupicchu.com\/es\/#organization"},"potentialAction":[{"@type":"SearchAction","target":{"@type":"EntryPoint","urlTemplate":"https:\/\/www.trekkingtomachupicchu.com\/es\/?s={search_term_string}"},"query-input":{"@type":"PropertyValueSpecification","valueRequired":true,"valueName":"search_term_string"}}],"inLanguage":"es"},{"@type":"Organization","@id":"https:\/\/www.trekkingtomachupicchu.com\/es\/#organization","name":"Tours a Machu Picchu","url":"https:\/\/www.trekkingtomachupicchu.com\/es\/","logo":{"@type":"ImageObject","inLanguage":"es","@id":"https:\/\/www.trekkingtomachupicchu.com\/es\/#\/schema\/logo\/image\/","url":"https:\/\/www.trekkingtomachupicchu.com\/es\/wp-content\/uploads\/2024\/02\/cropped-Sin-titulo-5-1.png","contentUrl":"https:\/\/www.trekkingtomachupicchu.com\/es\/wp-content\/uploads\/2024\/02\/cropped-Sin-titulo-5-1.png","width":512,"height":512,"caption":"Tours a Machu Picchu"},"image":{"@id":"https:\/\/www.trekkingtomachupicchu.com\/es\/#\/schema\/logo\/image\/"}}]}},"_links":{"self":[{"href":"https:\/\/www.trekkingtomachupicchu.com\/es\/wp-json\/wp\/v2\/pages\/27","targetHints":{"allow":["GET"]}}],"collection":[{"href":"https:\/\/www.trekkingtomachupicchu.com\/es\/wp-json\/wp\/v2\/pages"}],"about":[{"href":"https:\/\/www.trekkingtomachupicchu.com\/es\/wp-json\/wp\/v2\/types\/page"}],"author":[{"embeddable":true,"href":"https:\/\/www.trekkingtomachupicchu.com\/es\/wp-json\/wp\/v2\/users\/1"}],"replies":[{"embeddable":true,"href":"https:\/\/www.trekkingtomachupicchu.com\/es\/wp-json\/wp\/v2\/comments?post=27"}],"version-history":[{"count":63,"href":"https:\/\/www.trekkingtomachupicchu.com\/es\/wp-json\/wp\/v2\/pages\/27\/revisions"}],"predecessor-version":[{"id":246,"href":"https:\/\/www.trekkingtomachupicchu.com\/es\/wp-json\/wp\/v2\/pages\/27\/revisions\/246"}],"wp:attachment":[{"href":"https:\/\/www.trekkingtomachupicchu.com\/es\/wp-json\/wp\/v2\/media?parent=27"}],"curies":[{"name":"wp","href":"https:\/\/api.w.org\/{rel}","templated":true}]}}